{"id":139261,"date":"2026-04-26T20:08:16","date_gmt":"2026-04-26T19:08:16","guid":{"rendered":"https:\/\/bigorski.org.mk\/vesti\/%category_vesti%\/bozhestvena-liturgija-vo-hramot-na-sveti-jakov-vo-firenca\/"},"modified":"2026-04-26T20:16:52","modified_gmt":"2026-04-26T19:16:52","slug":"liturgji-hyjnore-arhierore-ne-kishen-e-shen-jakobit-ne-firence","status":"publish","type":"vesti","link":"https:\/\/bigorski.org.mk\/sq\/lajme\/adhurime\/liturgji-hyjnore-arhierore-ne-kishen-e-shen-jakobit-ne-firence\/","title":{"rendered":"Liturgji Hyjnore Arhierore n\u00eb Kish\u00ebn e Sh\u00ebn Jakobit n\u00eb Firence"},"content":{"rendered":"\n<p class=\"has-drop-cap\">Sot, n\u00eb t\u00eb diel\u00ebn e g\u00ebzueshme t\u00eb Grave Mirobart\u00ebse, Plaku yn\u00eb i dashur, Hir\u00ebsia e Tij Episkopi i Antanis\u00eb, z. Partenij, kremtoi nj\u00eb Liturgji Hyjnore arhierore n\u00eb kish\u00ebn e lasht\u00eb t\u00eb Apostullit t\u00eb Shenjt\u00eb Jakob (<em>Chiesa di San Jacopo Soprarno<\/em>), n\u00eb vet\u00eb qendr\u00ebn e Firences, n\u00eb brigjet e lumit Arno. N\u00eb bashk\u00ebkremtim lut\u00ebsor me Hir\u00ebsin\u00eb e Tij ishin: p\u00ebrgjegj\u00ebsi i kish\u00ebs, arkimandriti z. Nikolaos Papadopoulos, m\u00ebk\u00ebmb\u00ebs arhieror p\u00ebr Toskan\u00ebn dhe Ligurin\u00eb, si dhe bashk\u00ebv\u00ebllez\u00ebrit tan\u00eb: et\u00ebrit Dositej, Kiril, Anatolij dhe Efrosinij.<\/p>\n\n\n\n<p>N\u00eb k\u00ebt\u00eb bashk\u00ebsi lut\u00ebsore, s\u00eb bashku me Plakun dhe et\u00ebrit, mor\u00ebn pjes\u00eb edhe motrat nga dy manastiret tona t\u00eb shenjta, Raj\u00e7ica dhe Pre\u00e7ista, me t\u00eb cilat n\u00eb k\u00ebto dit\u00eb t\u00eb bekuara jemi n\u00eb pelegrinazh n\u00eb vendet e shenjta t\u00eb Italis\u00eb.<\/p>\n\n\n\n<p>Kisha \u201cSh\u00ebn Apostulli Jakob mbi Arno\u201d, t\u00eb cil\u00ebn firentinasit, me nj\u00eb p\u00ebrkushtim t\u00eb duksh\u00ebm, e kan\u00eb quajtur San Jacopo Soprarno (fjal\u00eb p\u00ebr fjal\u00eb \u201cSh\u00ebn Jakobi mbi Arno\u201d), b\u00ebn pjes\u00eb nd\u00ebr vendet m\u00eb t\u00eb vjetra t\u00eb kultit n\u00eb k\u00ebt\u00eb qytet, pa dyshim nj\u00eb nga m\u00eb t\u00eb bukurit n\u00eb Evrop\u00eb. Fillimisht nj\u00eb bazilik\u00eb romaneske me tre nef\u00eb, ekzistenca e saj dokumentohet q\u00eb n\u00eb shekullin XI. Me kalimin e shekujve, ky tempull i shenjt\u00eb \u00ebsht\u00eb restauruar dhe zgjeruar, k\u00ebshtu q\u00eb sot pamja e tij mban gjurm\u00ebt e disa epokave. N\u00ebn k\u00ebto qemer\u00eb t\u00eb p\u00ebrshkuar nga lutja, gjat\u00eb dhjet\u00eb shekujve, kan\u00eb kaluar pa num\u00ebr pelegrin\u00eb dhe besimtar\u00eb, me t\u00eb nj\u00ebjtin besim me t\u00eb cilin Grat\u00eb Mirobart\u00ebse nxituan drejt Varrit t\u00eb zbraz\u00ebt at\u00eb m\u00ebngjes t\u00eb hersh\u00ebm.<\/p>\n\n\n\n<p>Q\u00eb nga viti 2006, me bekimin e Arqidioqez\u00ebs s\u00eb Firences, kjo kish\u00eb e \u00e7muar i \u00ebsht\u00eb besuar Arqipeshkvis\u00eb Ortodokse t\u00eb Italis\u00eb dhe Malt\u00ebs (n\u00ebn omoforin e Patriarkan\u00ebs Ekumenike), dhe q\u00eb at\u00ebher\u00eb n\u00eb muret e saj t\u00eb lashta ka filluar s\u00ebrish t\u00eb jehoj\u00eb jeta liturgjike ortodokse lindore\u2014n\u00eb nj\u00eb tempull q\u00eb, me vet\u00eb historin\u00eb e tij, \u00ebsht\u00eb nj\u00eb pik\u00ebtakim midis Per\u00ebndimit dhe Lindjes, midis ritmit bizantin dhe atij romanes t\u00eb s\u00eb shenjt\u00ebs.<\/p>\n\n\n\n<p>V\u00ebrtet i madh dhe i pashprehsh\u00ebm \u00ebsht\u00eb ngaz\u00ebllimi lut\u00ebsor p\u00ebr t\u00eb kremtuar Liturgjin\u00eb e Shenjt\u00eb n\u00eb nj\u00eb kish\u00eb, qemer\u00ebt e s\u00eb cil\u00ebs, nd\u00ebr shekuj, kan\u00eb ruajtur p\u00ebshp\u00ebritjet e pelegrin\u00ebve dhe z\u00ebrat e mjesht\u00ebrve t\u00eb Rilindjes, e q\u00eb sot jehojn\u00eb me shpalljen paskale \u201cKrishti u Ngjall!\u201d N\u00eb mes t\u00eb nj\u00eb madh\u00ebshtie t\u00eb till\u00eb\u2014arkitektur\u00eb q\u00eb vet\u00eb \u00ebsht\u00eb nj\u00eb kryevep\u00ebr e artit t\u00eb shenjt\u00eb t\u00eb krishter\u00eb\u2014njeriu e kupton m\u00eb thell\u00eb dhe e ndien m\u00eb fuqish\u00ebm at\u00eb q\u00eb \u00e7do i krishter\u00eb besimtar e mban n\u00eb zem\u00ebr: se Sht\u00ebpia e Zotit \u00ebsht\u00eb kudo nj\u00eb; se nj\u00eb dhe e nj\u00ebjt\u00eb \u00ebsht\u00eb edhe Kupa e Jet\u00ebs q\u00eb ngrihet n\u00ebn k\u00ebta qemer\u00eb, ashtu si edhe n\u00ebn qemer\u00ebt e manastirit ton\u00eb t\u00eb dashur t\u00eb Bigorskit; se kufijt\u00eb e stilit, t\u00eb gjuh\u00ebs dhe t\u00eb epok\u00ebs jan\u00eb vet\u00ebm nj\u00eb vel i zbukuruar, nd\u00ebrsa Liturgjia dep\u00ebrton n\u00ebp\u00ebr t\u00eb gjitha koh\u00ebrat, ashtu si\u00e7 i kap\u00ebrcen t\u00eb gjitha kufijt\u00eb, gjuh\u00ebt dhe kombet: \u201cJezu Krishti \u00ebsht\u00eb i nj\u00ebjti dje, sot dhe p\u00ebrjet\u00eb\u201d (Hebrenjve 13:8). Pik\u00ebrisht kjo u d\u00ebshmua sot n\u00eb \u201cSh\u00ebn Jakobi mbi Arno\u201d, ku fjala ungjillore dhe lutjet liturgjike u d\u00ebgjuan n\u00eb gjasht\u00eb gjuh\u00eb, para nj\u00eb populli t\u00eb vet\u00ebm t\u00eb Krishtit, t\u00eb mbledhur nga kombe dhe shtete t\u00eb ndryshme.<\/p>\n\n\n\n<p>N\u00eb fund t\u00eb Liturgjis\u00eb Hyjnore, Episkopi z. Partenij shprehu fal\u00ebnderim t\u00eb p\u00ebrzem\u00ebrt ndaj mikprit\u00ebsit ton\u00eb t\u00eb dashur dhe bujar, Fortlumturis\u00eb s\u00eb Tij, arkimandritit z. Nikolaos, i cili, me ngroht\u00ebsi firentinase, na hapi dyert e k\u00ebtij tempulli t\u00eb bekuar dhe bashk\u00ebkremtoi me ne n\u00eb dashuri v\u00ebllaz\u00ebrore. Sh\u00ebrbesa e tij baritore n\u00eb Toskan\u00eb dhe Liguri, n\u00eb vet\u00eb djepin e Rilindjes, \u00ebsht\u00eb nj\u00eb d\u00ebshmi se Kisha nuk njeh tok\u00eb t\u00eb huaj: kudo q\u00eb ngrihen Kupa e shenjt\u00eb dhe Diskosi i shenjt\u00eb, dhe kudo q\u00eb lexohet e jetohet Ungjilli, Krishti \u00ebsht\u00eb i nj\u00ebjti.<\/p>\n\n\n\n<p>Me k\u00ebt\u00eb Liturgji Hyjnore arhierore, pelegrinazhi yn\u00eb n\u00eb tok\u00ebn e bekuar t\u00eb Italis\u00eb\u2014tok\u00eb e kaq shum\u00eb shenjtor\u00ebve, burra e gra, e martir\u00ebve t\u00eb par\u00eb t\u00eb krishter\u00eb dhe e nj\u00eb tradite t\u00eb lasht\u00eb kishtare\u2014merr edhe kuror\u00ebzimin e tij shpirt\u00ebror. N\u00eb k\u00ebto pak dit\u00eb t\u00eb bekuara, Plaku, et\u00ebrit e Bigorskit dhe motrat e Raj\u00e7ic\u00ebs dhe Pre\u00e7ist\u00ebs vizituan vende q\u00eb dikur jan\u00eb shenjt\u00ebruar nga lutjet dhe asketizmi i bijve t\u00eb par\u00eb t\u00eb Krishtit; pam\u00eb varret e apostujve, t\u00eb martir\u00ebve, t\u00eb burrave dhe grave t\u00eb shenjta dhe prek\u00ebm shenjt\u00ebrore t\u00eb Kish\u00ebs s\u00eb dikurshme t\u00eb pandar\u00eb. Tani, n\u00eb rrug\u00ebn e Grave Mirobart\u00ebse, kthehemi n\u00eb sht\u00ebpi me zemra t\u00eb mbushura me t\u00eb nj\u00ebjt\u00ebn mir\u00ebnjohje: se Zoti na b\u00ebri t\u00eb denj\u00eb, si edhe ato, t\u00eb nxitojm\u00eb drejt t\u00eb Ngjallurit dhe ta gjejm\u00eb At\u00eb aty ku gjithmon\u00eb pret dhe jep Vetveten\u2014n\u00eb Kup\u00ebn e Kungimit t\u00eb Shenjt\u00eb.<\/p>\n\n\n\n<p class=\"has-text-align-center\"><strong>Krishti u Ngjall! V\u00ebrtet u Ngjall!<\/strong><\/p>\n\n\n\n<p class=\"has-drop-cap\"><\/p>\n\n\n\n\n\t\t\t<style>\n                #foogallery-gallery-139258.fg-justified .fg-item {\n                    margin-right: 2px;\n                    margin-bottom: 2px;\n                }\n\n                #foogallery-gallery-139258.fg-justified .fg-image {\n                    height: 200px;\n                }\n\t\t\t<\/style>\n\t\t\t<div class=\"foogallery foogallery-container foogallery-justified foogallery-lightbox-foogallery fg-justified fg-light fg-shadow-outline fg-loading-default fg-loaded-scale-up fg-hover-zoomed fg-hover-fade fg-hover-eye fg-ready\" id=\"foogallery-gallery-139258\" data-foogallery=\"{&quot;item&quot;:{&quot;showCaptionTitle&quot;:false,&quot;showCaptionDescription&quot;:false},&quot;lazy&quot;:true,&quot;paging&quot;:{&quot;type&quot;:&quot;infinite&quot;,&quot;theme&quot;:&quot;fg-light&quot;,&quot;size&quot;:20,&quot;position&quot;:&quot;bottom&quot;,&quot;scrollToTop&quot;:true,&quot;output&quot;:&quot;&quot;},&quot;template&quot;:{&quot;rowHeight&quot;:200,&quot;maxRowHeight&quot;:300,&quot;margins&quot;:2,&quot;align&quot;:&quot;center&quot;,&quot;lastRow&quot;:&quot;justify&quot;}}\" data-foogallery-lightbox=\"{&quot;theme&quot;:&quot;fg-dark&quot;,&quot;thumbs&quot;:&quot;bottom&quot;,&quot;thumbsCaptions&quot;:false,&quot;thumbsBestFit&quot;:false,&quot;thumbsSmall&quot;:false,&quot;thumbsCaptionsAlign&quot;:&quot;default&quot;,&quot;info&quot;:false,&quot;infoAlign&quot;:&quot;default&quot;,&quot;transition&quot;:&quot;fade&quot;,&quot;autoProgress&quot;:4,&quot;autoProgressStart&quot;:true,&quot;hoverButtons&quot;:false,&quot;fitMedia&quot;:false,&quot;noScrollbars&quot;:true,&quot;preserveButtonSpace&quot;:true,&quot;buttons&quot;:{&quot;fullscreen&quot;:true,&quot;info&quot;:true,&quot;thumbs&quot;:true},&quot;video&quot;:{&quot;autoPlay&quot;:true}}\" >\n\t<div class=\"fg-item fg-type-image fg-idle\"><figure class=\"fg-item-inner\"><a href=\"https:\/\/bigorski.org.mk\/wp-content\/galleries\/2026\/139257-2026-FirencaLiturgija\/LiturgijaFirenca-2026-001.jpg\" data-type=\"image\" class=\"fg-thumb\"><span class=\"fg-image-wrap\"><img fetchpriority=\"high\" decoding=\"async\" height=\"300\" width=\"200\" class=\"skip-lazy fg-image\" data-src-fg=\"https:\/\/bigorski.org.mk\/wp-content\/uploads\/cache\/remote\/bigorski-org-mk\/4091822627.jpg\" src=\"data:image\/svg+xml,%3Csvg%20xmlns%3D%22http%3A%2F%2Fwww.w3.org%2F2000%2Fsvg%22%20width%3D%22200%22%20height%3D%22300%22%20viewBox%3D%220%200%20200%20300%22%3E%3C%2Fsvg%3E\" loading=\"eager\"><\/span><span class=\"fg-image-overlay\"><\/span><\/a><figcaption class=\"fg-caption\"><div class=\"fg-caption-inner\"><\/div><\/figcaption><\/figure><div class=\"fg-loader\"><\/div><\/div><div class=\"fg-item fg-type-image fg-idle\"><figure class=\"fg-item-inner\"><a href=\"https:\/\/bigorski.org.mk\/wp-content\/galleries\/2026\/139257-2026-FirencaLiturgija\/LiturgijaFirenca-2026-002.jpg\" data-type=\"image\" class=\"fg-thumb\"><span class=\"fg-image-wrap\"><img decoding=\"async\" height=\"300\" width=\"450\" class=\"skip-lazy fg-image\" data-src-fg=\"https:\/\/bigorski.org.mk\/wp-content\/uploads\/cache\/remote\/bigorski-org-mk\/2104182208.jpg\" src=\"data:image\/svg+xml,%3Csvg%20xmlns%3D%22http%3A%2F%2Fwww.w3.org%2F2000%2Fsvg%22%20width%3D%22450%22%20height%3D%22300%22%20viewBox%3D%220%200%20450%20300%22%3E%3C%2Fsvg%3E\" loading=\"eager\"><\/span><span class=\"fg-image-overlay\"><\/span><\/a><figcaption class=\"fg-caption\"><div class=\"fg-caption-inner\"><\/div><\/figcaption><\/figure><div class=\"fg-loader\"><\/div><\/div><div class=\"fg-item fg-type-image fg-idle\"><figure class=\"fg-item-inner\"><a href=\"https:\/\/bigorski.org.mk\/wp-content\/galleries\/2026\/139257-2026-FirencaLiturgija\/LiturgijaFirenca-2026-003.jpg\" data-type=\"image\" class=\"fg-thumb\"><span class=\"fg-image-wrap\"><img decoding=\"async\" height=\"300\" width=\"450\" class=\"skip-lazy fg-image\" data-src-fg=\"https:\/\/bigorski.org.mk\/wp-content\/uploads\/cache\/remote\/bigorski-org-mk\/2982233438.jpg\" src=\"data:image\/svg+xml,%3Csvg%20xmlns%3D%22http%3A%2F%2Fwww.w3.org%2F2000%2Fsvg%22%20width%3D%22450%22%20height%3D%22300%22%20viewBox%3D%220%200%20450%20300%22%3E%3C%2Fsvg%3E\" loading=\"eager\"><\/span><span class=\"fg-image-overlay\"><\/span><\/a><figcaption class=\"fg-caption\"><div class=\"fg-caption-inner\"><\/div><\/figcaption><\/figure><div class=\"fg-loader\"><\/div><\/div><div class=\"fg-item fg-type-image fg-idle\"><figure class=\"fg-item-inner\"><a href=\"https:\/\/bigorski.org.mk\/wp-content\/galleries\/2026\/139257-2026-FirencaLiturgija\/LiturgijaFirenca-2026-004.jpg\" data-type=\"image\" class=\"fg-thumb\"><span class=\"fg-image-wrap\"><img decoding=\"async\" height=\"300\" width=\"450\" class=\"skip-lazy fg-image\" data-src-fg=\"https:\/\/bigorski.org.mk\/wp-content\/uploads\/cache\/remote\/bigorski-org-mk\/3137621063.jpg\" src=\"data:image\/svg+xml,%3Csvg%20xmlns%3D%22http%3A%2F%2Fwww.w3.org%2F2000%2Fsvg%22%20width%3D%22450%22%20height%3D%22300%22%20viewBox%3D%220%200%20450%20300%22%3E%3C%2Fsvg%3E\" loading=\"eager\"><\/span><span class=\"fg-image-overlay\"><\/span><\/a><figcaption class=\"fg-caption\"><div class=\"fg-caption-inner\"><\/div><\/figcaption><\/figure><div class=\"fg-loader\"><\/div><\/div><div class=\"fg-item fg-type-image fg-idle\"><figure class=\"fg-item-inner\"><a href=\"https:\/\/bigorski.org.mk\/wp-content\/galleries\/2026\/139257-2026-FirencaLiturgija\/LiturgijaFirenca-2026-005.jpg\" data-type=\"image\" class=\"fg-thumb\"><span class=\"fg-image-wrap\"><img decoding=\"async\" height=\"300\" width=\"450\" class=\"skip-lazy fg-image\" data-src-fg=\"https:\/\/bigorski.org.mk\/wp-content\/uploads\/cache\/remote\/bigorski-org-mk\/2007911641.jpg\" src=\"data:image\/svg+xml,%3Csvg%20xmlns%3D%22http%3A%2F%2Fwww.w3.org%2F2000%2Fsvg%22%20width%3D%22450%22%20height%3D%22300%22%20viewBox%3D%220%200%20450%20300%22%3E%3C%2Fsvg%3E\" loading=\"eager\"><\/span><span class=\"fg-image-overlay\"><\/span><\/a><figcaption class=\"fg-caption\"><div class=\"fg-caption-inner\"><\/div><\/figcaption><\/figure><div class=\"fg-loader\"><\/div><\/div><div class=\"fg-item fg-type-image fg-idle\"><figure class=\"fg-item-inner\"><a href=\"https:\/\/bigorski.org.mk\/wp-content\/galleries\/2026\/139257-2026-FirencaLiturgija\/LiturgijaFirenca-2026-006.jpg\" data-type=\"image\" class=\"fg-thumb\"><span class=\"fg-image-wrap\"><img decoding=\"async\" height=\"300\" width=\"200\" class=\"skip-lazy fg-image\" data-src-fg=\"https:\/\/bigorski.org.mk\/wp-content\/uploads\/cache\/remote\/bigorski-org-mk\/4179708730.jpg\" src=\"data:image\/svg+xml,%3Csvg%20xmlns%3D%22http%3A%2F%2Fwww.w3.org%2F2000%2Fsvg%22%20width%3D%22200%22%20height%3D%22300%22%20viewBox%3D%220%200%20200%20300%22%3E%3C%2Fsvg%3E\" loading=\"eager\"><\/span><span class=\"fg-image-overlay\"><\/span><\/a><figcaption class=\"fg-caption\"><div class=\"fg-caption-inner\"><\/div><\/figcaption><\/figure><div class=\"fg-loader\"><\/div><\/div><div class=\"fg-item fg-type-image fg-idle\"><figure class=\"fg-item-inner\"><a href=\"https:\/\/bigorski.org.mk\/wp-content\/galleries\/2026\/139257-2026-FirencaLiturgija\/LiturgijaFirenca-2026-007.jpg\" data-type=\"image\" class=\"fg-thumb\"><span class=\"fg-image-wrap\"><img decoding=\"async\" height=\"300\" width=\"450\" class=\"skip-lazy fg-image\" data-src-fg=\"https:\/\/bigorski.org.mk\/wp-content\/uploads\/cache\/remote\/bigorski-org-mk\/898321316.jpg\" src=\"data:image\/svg+xml,%3Csvg%20xmlns%3D%22http%3A%2F%2Fwww.w3.org%2F2000%2Fsvg%22%20width%3D%22450%22%20height%3D%22300%22%20viewBox%3D%220%200%20450%20300%22%3E%3C%2Fsvg%3E\" loading=\"eager\"><\/span><span class=\"fg-image-overlay\"><\/span><\/a><figcaption class=\"fg-caption\"><div class=\"fg-caption-inner\"><\/div><\/figcaption><\/figure><div class=\"fg-loader\"><\/div><\/div><div class=\"fg-item fg-type-image fg-idle\"><figure class=\"fg-item-inner\"><a href=\"https:\/\/bigorski.org.mk\/wp-content\/galleries\/2026\/139257-2026-FirencaLiturgija\/LiturgijaFirenca-2026-008.jpg\" data-type=\"image\" class=\"fg-thumb\"><span class=\"fg-image-wrap\"><img decoding=\"async\" height=\"300\" width=\"200\" class=\"skip-lazy fg-image\" data-src-fg=\"https:\/\/bigorski.org.mk\/wp-content\/uploads\/cache\/remote\/bigorski-org-mk\/3970652424.jpg\" src=\"data:image\/svg+xml,%3Csvg%20xmlns%3D%22http%3A%2F%2Fwww.w3.org%2F2000%2Fsvg%22%20width%3D%22200%22%20height%3D%22300%22%20viewBox%3D%220%200%20200%20300%22%3E%3C%2Fsvg%3E\" loading=\"eager\"><\/span><span class=\"fg-image-overlay\"><\/span><\/a><figcaption class=\"fg-caption\"><div class=\"fg-caption-inner\"><\/div><\/figcaption><\/figure><div class=\"fg-loader\"><\/div><\/div><div class=\"fg-item fg-type-image fg-idle\"><figure class=\"fg-item-inner\"><a href=\"https:\/\/bigorski.org.mk\/wp-content\/galleries\/2026\/139257-2026-FirencaLiturgija\/LiturgijaFirenca-2026-009.jpg\" data-type=\"image\" class=\"fg-thumb\"><span class=\"fg-image-wrap\"><img decoding=\"async\" height=\"300\" width=\"450\" class=\"skip-lazy fg-image\" data-src-fg=\"https:\/\/bigorski.org.mk\/wp-content\/uploads\/cache\/remote\/bigorski-org-mk\/536959382.jpg\" src=\"data:image\/svg+xml,%3Csvg%20xmlns%3D%22http%3A%2F%2Fwww.w3.org%2F2000%2Fsvg%22%20width%3D%22450%22%20height%3D%22300%22%20viewBox%3D%220%200%20450%20300%22%3E%3C%2Fsvg%3E\" loading=\"eager\"><\/span><span class=\"fg-image-overlay\"><\/span><\/a><figcaption class=\"fg-caption\"><div class=\"fg-caption-inner\"><\/div><\/figcaption><\/figure><div class=\"fg-loader\"><\/div><\/div><div class=\"fg-item fg-type-image fg-idle\"><figure class=\"fg-item-inner\"><a href=\"https:\/\/bigorski.org.mk\/wp-content\/galleries\/2026\/139257-2026-FirencaLiturgija\/LiturgijaFirenca-2026-010.jpg\" data-type=\"image\" class=\"fg-thumb\"><span class=\"fg-image-wrap\"><img decoding=\"async\" height=\"300\" width=\"450\" class=\"skip-lazy fg-image\" data-src-fg=\"https:\/\/bigorski.org.mk\/wp-content\/uploads\/cache\/remote\/bigorski-org-mk\/674584318.jpg\" src=\"data:image\/svg+xml,%3Csvg%20xmlns%3D%22http%3A%2F%2Fwww.w3.org%2F2000%2Fsvg%22%20width%3D%22450%22%20height%3D%22300%22%20viewBox%3D%220%200%20450%20300%22%3E%3C%2Fsvg%3E\" loading=\"eager\"><\/span><span class=\"fg-image-overlay\"><\/span><\/a><figcaption class=\"fg-caption\"><div class=\"fg-caption-inner\"><\/div><\/figcaption><\/figure><div class=\"fg-loader\"><\/div><\/div><div class=\"fg-item fg-type-image fg-idle\"><figure class=\"fg-item-inner\"><a href=\"https:\/\/bigorski.org.mk\/wp-content\/galleries\/2026\/139257-2026-FirencaLiturgija\/LiturgijaFirenca-2026-011.jpg\" data-type=\"image\" class=\"fg-thumb\"><span class=\"fg-image-wrap\"><img decoding=\"async\" height=\"300\" width=\"450\" class=\"skip-lazy fg-image\" data-src-fg=\"https:\/\/bigorski.org.mk\/wp-content\/uploads\/cache\/remote\/bigorski-org-mk\/3835647584.jpg\" src=\"data:image\/svg+xml,%3Csvg%20xmlns%3D%22http%3A%2F%2Fwww.w3.org%2F2000%2Fsvg%22%20width%3D%22450%22%20height%3D%22300%22%20viewBox%3D%220%200%20450%20300%22%3E%3C%2Fsvg%3E\" loading=\"eager\"><\/span><span class=\"fg-image-overlay\"><\/span><\/a><figcaption class=\"fg-caption\"><div class=\"fg-caption-inner\"><\/div><\/figcaption><\/figure><div class=\"fg-loader\"><\/div><\/div><div class=\"fg-item fg-type-image fg-idle\"><figure class=\"fg-item-inner\"><a href=\"https:\/\/bigorski.org.mk\/wp-content\/galleries\/2026\/139257-2026-FirencaLiturgija\/LiturgijaFirenca-2026-012.jpg\" data-type=\"image\" class=\"fg-thumb\"><span class=\"fg-image-wrap\"><img decoding=\"async\" height=\"300\" width=\"200\" class=\"skip-lazy fg-image\" data-src-fg=\"https:\/\/bigorski.org.mk\/wp-content\/uploads\/cache\/remote\/bigorski-org-mk\/1779454339.jpg\" src=\"data:image\/svg+xml,%3Csvg%20xmlns%3D%22http%3A%2F%2Fwww.w3.org%2F2000%2Fsvg%22%20width%3D%22200%22%20height%3D%22300%22%20viewBox%3D%220%200%20200%20300%22%3E%3C%2Fsvg%3E\" loading=\"eager\"><\/span><span class=\"fg-image-overlay\"><\/span><\/a><figcaption class=\"fg-caption\"><div class=\"fg-caption-inner\"><\/div><\/figcaption><\/figure><div class=\"fg-loader\"><\/div><\/div><div class=\"fg-item fg-type-image fg-idle\"><figure class=\"fg-item-inner\"><a href=\"https:\/\/bigorski.org.mk\/wp-content\/galleries\/2026\/139257-2026-FirencaLiturgija\/LiturgijaFirenca-2026-013.jpg\" data-type=\"image\" class=\"fg-thumb\"><span class=\"fg-image-wrap\"><img decoding=\"async\" height=\"300\" width=\"200\" class=\"skip-lazy fg-image\" data-src-fg=\"https:\/\/bigorski.org.mk\/wp-content\/uploads\/cache\/remote\/bigorski-org-mk\/2797228317.jpg\" src=\"data:image\/svg+xml,%3Csvg%20xmlns%3D%22http%3A%2F%2Fwww.w3.org%2F2000%2Fsvg%22%20width%3D%22200%22%20height%3D%22300%22%20viewBox%3D%220%200%20200%20300%22%3E%3C%2Fsvg%3E\" loading=\"eager\"><\/span><span class=\"fg-image-overlay\"><\/span><\/a><figcaption class=\"fg-caption\"><div class=\"fg-caption-inner\"><\/div><\/figcaption><\/figure><div class=\"fg-loader\"><\/div><\/div><div class=\"fg-item fg-type-image fg-idle\"><figure class=\"fg-item-inner\"><a href=\"https:\/\/bigorski.org.mk\/wp-content\/galleries\/2026\/139257-2026-FirencaLiturgija\/LiturgijaFirenca-2026-014.jpg\" data-type=\"image\" class=\"fg-thumb\"><span class=\"fg-image-wrap\"><img decoding=\"async\" height=\"300\" width=\"450\" class=\"skip-lazy fg-image\" data-src-fg=\"https:\/\/bigorski.org.mk\/wp-content\/uploads\/cache\/remote\/bigorski-org-mk\/2894026756.jpg\" src=\"data:image\/svg+xml,%3Csvg%20xmlns%3D%22http%3A%2F%2Fwww.w3.org%2F2000%2Fsvg%22%20width%3D%22450%22%20height%3D%22300%22%20viewBox%3D%220%200%20450%20300%22%3E%3C%2Fsvg%3E\" loading=\"eager\"><\/span><span class=\"fg-image-overlay\"><\/span><\/a><figcaption class=\"fg-caption\"><div class=\"fg-caption-inner\"><\/div><\/figcaption><\/figure><div class=\"fg-loader\"><\/div><\/div><div class=\"fg-item fg-type-image fg-idle\"><figure class=\"fg-item-inner\"><a href=\"https:\/\/bigorski.org.mk\/wp-content\/galleries\/2026\/139257-2026-FirencaLiturgija\/LiturgijaFirenca-2026-015.jpg\" data-type=\"image\" class=\"fg-thumb\"><span class=\"fg-image-wrap\"><img decoding=\"async\" height=\"300\" width=\"450\" class=\"skip-lazy fg-image\" data-src-fg=\"https:\/\/bigorski.org.mk\/wp-content\/uploads\/cache\/remote\/bigorski-org-mk\/1624594586.jpg\" src=\"data:image\/svg+xml,%3Csvg%20xmlns%3D%22http%3A%2F%2Fwww.w3.org%2F2000%2Fsvg%22%20width%3D%22450%22%20height%3D%22300%22%20viewBox%3D%220%200%20450%20300%22%3E%3C%2Fsvg%3E\" loading=\"eager\"><\/span><span class=\"fg-image-overlay\"><\/span><\/a><figcaption class=\"fg-caption\"><div class=\"fg-caption-inner\"><\/div><\/figcaption><\/figure><div class=\"fg-loader\"><\/div><\/div><div class=\"fg-item fg-type-image fg-idle\"><figure class=\"fg-item-inner\"><a href=\"https:\/\/bigorski.org.mk\/wp-content\/galleries\/2026\/139257-2026-FirencaLiturgija\/LiturgijaFirenca-2026-016.jpg\" data-type=\"image\" class=\"fg-thumb\"><span class=\"fg-image-wrap\"><img decoding=\"async\" height=\"300\" width=\"200\" class=\"skip-lazy fg-image\" data-src-fg=\"https:\/\/bigorski.org.mk\/wp-content\/uploads\/cache\/remote\/bigorski-org-mk\/3998900089.jpg\" src=\"data:image\/svg+xml,%3Csvg%20xmlns%3D%22http%3A%2F%2Fwww.w3.org%2F2000%2Fsvg%22%20width%3D%22200%22%20height%3D%22300%22%20viewBox%3D%220%200%20200%20300%22%3E%3C%2Fsvg%3E\" loading=\"eager\"><\/span><span class=\"fg-image-overlay\"><\/span><\/a><figcaption class=\"fg-caption\"><div class=\"fg-caption-inner\"><\/div><\/figcaption><\/figure><div class=\"fg-loader\"><\/div><\/div><div class=\"fg-item fg-type-image fg-idle\"><figure class=\"fg-item-inner\"><a href=\"https:\/\/bigorski.org.mk\/wp-content\/galleries\/2026\/139257-2026-FirencaLiturgija\/LiturgijaFirenca-2026-017.jpg\" data-type=\"image\" class=\"fg-thumb\"><span class=\"fg-image-wrap\"><img decoding=\"async\" height=\"300\" width=\"200\" class=\"skip-lazy fg-image\" data-src-fg=\"https:\/\/bigorski.org.mk\/wp-content\/uploads\/cache\/remote\/bigorski-org-mk\/586178535.jpg\" src=\"data:image\/svg+xml,%3Csvg%20xmlns%3D%22http%3A%2F%2Fwww.w3.org%2F2000%2Fsvg%22%20width%3D%22200%22%20height%3D%22300%22%20viewBox%3D%220%200%20200%20300%22%3E%3C%2Fsvg%3E\" loading=\"eager\"><\/span><span class=\"fg-image-overlay\"><\/span><\/a><figcaption class=\"fg-caption\"><div class=\"fg-caption-inner\"><\/div><\/figcaption><\/figure><div class=\"fg-loader\"><\/div><\/div><div class=\"fg-item fg-type-image fg-idle\"><figure class=\"fg-item-inner\"><a href=\"https:\/\/bigorski.org.mk\/wp-content\/galleries\/2026\/139257-2026-FirencaLiturgija\/LiturgijaFirenca-2026-018.jpg\" data-type=\"image\" class=\"fg-thumb\"><span class=\"fg-image-wrap\"><img decoding=\"async\" height=\"300\" width=\"450\" class=\"skip-lazy fg-image\" data-src-fg=\"https:\/\/bigorski.org.mk\/wp-content\/uploads\/cache\/remote\/bigorski-org-mk\/4224732491.jpg\" src=\"data:image\/svg+xml,%3Csvg%20xmlns%3D%22http%3A%2F%2Fwww.w3.org%2F2000%2Fsvg%22%20width%3D%22450%22%20height%3D%22300%22%20viewBox%3D%220%200%20450%20300%22%3E%3C%2Fsvg%3E\" loading=\"eager\"><\/span><span class=\"fg-image-overlay\"><\/span><\/a><figcaption class=\"fg-caption\"><div class=\"fg-caption-inner\"><\/div><\/figcaption><\/figure><div class=\"fg-loader\"><\/div><\/div><div class=\"fg-item fg-type-image fg-idle\"><figure class=\"fg-item-inner\"><a href=\"https:\/\/bigorski.org.mk\/wp-content\/galleries\/2026\/139257-2026-FirencaLiturgija\/LiturgijaFirenca-2026-019.jpg\" data-type=\"image\" class=\"fg-thumb\"><span class=\"fg-image-wrap\"><img decoding=\"async\" height=\"300\" width=\"450\" class=\"skip-lazy fg-image\" data-src-fg=\"https:\/\/bigorski.org.mk\/wp-content\/uploads\/cache\/remote\/bigorski-org-mk\/930762197.jpg\" src=\"data:image\/svg+xml,%3Csvg%20xmlns%3D%22http%3A%2F%2Fwww.w3.org%2F2000%2Fsvg%22%20width%3D%22450%22%20height%3D%22300%22%20viewBox%3D%220%200%20450%20300%22%3E%3C%2Fsvg%3E\" loading=\"eager\"><\/span><span class=\"fg-image-overlay\"><\/span><\/a><figcaption class=\"fg-caption\"><div class=\"fg-caption-inner\"><\/div><\/figcaption><\/figure><div class=\"fg-loader\"><\/div><\/div><div class=\"fg-item fg-type-image fg-idle\"><figure class=\"fg-item-inner\"><a href=\"https:\/\/bigorski.org.mk\/wp-content\/galleries\/2026\/139257-2026-FirencaLiturgija\/LiturgijaFirenca-2026-020.jpg\" data-type=\"image\" class=\"fg-thumb\"><span class=\"fg-image-wrap\"><img decoding=\"async\" height=\"300\" width=\"200\" class=\"skip-lazy fg-image\" data-src-fg=\"https:\/\/bigorski.org.mk\/wp-content\/uploads\/cache\/remote\/bigorski-org-mk\/297298491.jpg\" src=\"data:image\/svg+xml,%3Csvg%20xmlns%3D%22http%3A%2F%2Fwww.w3.org%2F2000%2Fsvg%22%20width%3D%22200%22%20height%3D%22300%22%20viewBox%3D%220%200%20200%20300%22%3E%3C%2Fsvg%3E\" loading=\"eager\"><\/span><span class=\"fg-image-overlay\"><\/span><\/a><figcaption class=\"fg-caption\"><div class=\"fg-caption-inner\"><\/div><\/figcaption><\/figure><div class=\"fg-loader\"><\/div><\/div><\/div>\n<script type=\"text\/javascript\">  window[\"foogallery-gallery-139258_items\"] = [{\"href\":\"https:\/\/bigorski.org.mk\/wp-content\/galleries\/2026\/139257-2026-FirencaLiturgija\/LiturgijaFirenca-2026-021.jpg\",\"type\":\"image\",\"src\":\"https:\/\/bigorski.org.mk\/wp-content\/uploads\/cache\/remote\/bigorski-org-mk\/3708971685.jpg\",\"width\":450,\"height\":300,\"alt\":\"\",\"attr\":{\"anchor\":{\"class\":\"fg-thumb\"}}}, {\"href\":\"https:\/\/bigorski.org.mk\/wp-content\/galleries\/2026\/139257-2026-FirencaLiturgija\/LiturgijaFirenca-2026-022.jpg\",\"type\":\"image\",\"src\":\"https:\/\/bigorski.org.mk\/wp-content\/uploads\/cache\/remote\/bigorski-org-mk\/1402826054.jpg\",\"width\":450,\"height\":300,\"alt\":\"\",\"attr\":{\"anchor\":{\"class\":\"fg-thumb\"}}}, {\"href\":\"https:\/\/bigorski.org.mk\/wp-content\/galleries\/2026\/139257-2026-FirencaLiturgija\/LiturgijaFirenca-2026-023.jpg\",\"type\":\"image\",\"src\":\"https:\/\/bigorski.org.mk\/wp-content\/uploads\/cache\/remote\/bigorski-org-mk\/2671209944.jpg\",\"width\":200,\"height\":300,\"alt\":\"\",\"attr\":{\"anchor\":{\"class\":\"fg-thumb\"}}}, {\"href\":\"https:\/\/bigorski.org.mk\/wp-content\/galleries\/2026\/139257-2026-FirencaLiturgija\/LiturgijaFirenca-2026-024.jpg\",\"type\":\"image\",\"src\":\"https:\/\/bigorski.org.mk\/wp-content\/uploads\/cache\/remote\/bigorski-org-mk\/2515690689.jpg\",\"width\":450,\"height\":300,\"alt\":\"\",\"attr\":{\"anchor\":{\"class\":\"fg-thumb\"}}}, {\"href\":\"https:\/\/bigorski.org.mk\/wp-content\/galleries\/2026\/139257-2026-FirencaLiturgija\/LiturgijaFirenca-2026-025.jpg\",\"type\":\"image\",\"src\":\"https:\/\/bigorski.org.mk\/wp-content\/uploads\/cache\/remote\/bigorski-org-mk\/1498965087.jpg\",\"width\":200,\"height\":300,\"alt\":\"\",\"attr\":{\"anchor\":{\"class\":\"fg-thumb\"}}}, {\"href\":\"https:\/\/bigorski.org.mk\/wp-content\/galleries\/2026\/139257-2026-FirencaLiturgija\/LiturgijaFirenca-2026-026.jpg\",\"type\":\"image\",\"src\":\"https:\/\/bigorski.org.mk\/wp-content\/uploads\/cache\/remote\/bigorski-org-mk\/3621217212.jpg\",\"width\":200,\"height\":300,\"alt\":\"\",\"attr\":{\"anchor\":{\"class\":\"fg-thumb\"}}}, {\"href\":\"https:\/\/bigorski.org.mk\/wp-content\/galleries\/2026\/139257-2026-FirencaLiturgija\/LiturgijaFirenca-2026-027.jpg\",\"type\":\"image\",\"src\":\"https:\/\/bigorski.org.mk\/wp-content\/uploads\/cache\/remote\/bigorski-org-mk\/461202210.jpg\",\"width\":450,\"height\":300,\"alt\":\"\",\"attr\":{\"anchor\":{\"class\":\"fg-thumb\"}}}, {\"href\":\"https:\/\/bigorski.org.mk\/wp-content\/galleries\/2026\/139257-2026-FirencaLiturgija\/LiturgijaFirenca-2026-028.jpg\",\"type\":\"image\",\"src\":\"https:\/\/bigorski.org.mk\/wp-content\/uploads\/cache\/remote\/bigorski-org-mk\/3260903822.jpg\",\"width\":450,\"height\":300,\"alt\":\"\",\"attr\":{\"anchor\":{\"class\":\"fg-thumb\"}}}, {\"href\":\"https:\/\/bigorski.org.mk\/wp-content\/galleries\/2026\/139257-2026-FirencaLiturgija\/LiturgijaFirenca-2026-029.jpg\",\"type\":\"image\",\"src\":\"https:\/\/bigorski.org.mk\/wp-content\/uploads\/cache\/remote\/bigorski-org-mk\/251097360.jpg\",\"width\":450,\"height\":300,\"alt\":\"\",\"attr\":{\"anchor\":{\"class\":\"fg-thumb\"}}}, {\"href\":\"https:\/\/bigorski.org.mk\/wp-content\/galleries\/2026\/139257-2026-FirencaLiturgija\/LiturgijaFirenca-2026-030.jpg\",\"type\":\"image\",\"src\":\"https:\/\/bigorski.org.mk\/wp-content\/uploads\/cache\/remote\/bigorski-org-mk\/113475192.jpg\",\"width\":450,\"height\":300,\"alt\":\"\",\"attr\":{\"anchor\":{\"class\":\"fg-thumb\"}}}  ];<\/script><style type=\"text\/css\">#foogallery-gallery-136845 {    margin-top: 30px;\r\n }<\/style>","protected":false},"featured_media":139262,"template":"","meta":{"_acf_changed":false,"wprm-recipe-roundup-name":"","wprm-recipe-roundup-description":"","ngg_post_thumbnail":0,"footnotes":""},"tags":[3935,4097],"category_vesti":[2956],"tags_vesti":[],"lokacii":[],"class_list":["post-139261","vesti","type-vesti","status-publish","has-post-thumbnail","hentry","tag-italija-sq","tag-mironosici","category_vesti-adhurime"],"acf":[],"_links":{"self":[{"href":"https:\/\/bigorski.org.mk\/sq\/wp-json\/wp\/v2\/vesti\/139261","targetHints":{"allow":["GET"]}}],"collection":[{"href":"https:\/\/bigorski.org.mk\/sq\/wp-json\/wp\/v2\/vesti"}],"about":[{"href":"https:\/\/bigorski.org.mk\/sq\/wp-json\/wp\/v2\/types\/vesti"}],"version-history":[{"count":1,"href":"https:\/\/bigorski.org.mk\/sq\/wp-json\/wp\/v2\/vesti\/139261\/revisions"}],"predecessor-version":[{"id":139270,"href":"https:\/\/bigorski.org.mk\/sq\/wp-json\/wp\/v2\/vesti\/139261\/revisions\/139270"}],"wp:featuredmedia":[{"embeddable":true,"href":"https:\/\/bigorski.org.mk\/sq\/wp-json\/wp\/v2\/media\/139262"}],"wp:attachment":[{"href":"https:\/\/bigorski.org.mk\/sq\/wp-json\/wp\/v2\/media?parent=139261"}],"wp:term":[{"taxonomy":"post_tag","embeddable":true,"href":"https:\/\/bigorski.org.mk\/sq\/wp-json\/wp\/v2\/tags?post=139261"},{"taxonomy":"category_vesti","embeddable":true,"href":"https:\/\/bigorski.org.mk\/sq\/wp-json\/wp\/v2\/category_vesti?post=139261"},{"taxonomy":"tags_vesti","embeddable":true,"href":"https:\/\/bigorski.org.mk\/sq\/wp-json\/wp\/v2\/tags_vesti?post=139261"},{"taxonomy":"lokacii","embeddable":true,"href":"https:\/\/bigorski.org.mk\/sq\/wp-json\/wp\/v2\/lokacii?post=139261"}],"curies":[{"name":"wp","href":"https:\/\/api.w.org\/{rel}","templated":true}]}}